{"id":9,"date":"2019-10-20T01:25:02","date_gmt":"2019-10-19T23:25:02","guid":{"rendered":"http:\/\/tcm4you.ch\/wordpress\/?page_id=9"},"modified":"2024-05-30T16:24:09","modified_gmt":"2024-05-30T14:24:09","slug":"ueber-mich","status":"publish","type":"page","link":"https:\/\/akupunktur.gl\/index.php\/ueber-mich\/","title":{"rendered":"Team"},"content":{"rendered":"\r\n<p class=\"has-very-light-gray-color has-text-color has-background has-large-font-size\" style=\"background-color: #837d7d;\">Nicole Jenny-Marzella<\/p>\r\n\r\n<p class=\"text-bold-big\"><img loading=\"lazy\" decoding=\"async\" class=\"alignnone wp-image-66 size-full\" src=\"http:\/\/akupunktur.gl\/wp-content\/uploads\/2020\/05\/nicolejenny.jpg\" alt=\"\" width=\"146\" height=\"219\" \/><strong> \u00a0\u00a0 <\/strong><\/p>\r\n<p class=\"text-bold-big\"><strong><span class=\"text\">Naturheilpraktikerin mit eidgen\u00f6ssischem Diplom in TCM<\/span><\/strong><\/p>\r\n<table border=\"0\" width=\"350\">\r\n<tbody>\r\n<tr>\r\n<td width=\"70\"><span class=\"text\">1998 &#8211; 2002<\/span><\/td>\r\n<td width=\"191\"><span class=\"text\">Biomedica Z\u00fcrich, Tuina Ausbildung<\/span><\/td>\r\n<\/tr>\r\n<tr>\r\n<td><span class=\"text\">2000 \u2013 2001<\/span><\/td>\r\n<td><span class=\"text\">Tao Chi Z\u00fcrich Akupunktur und Chinesische Kr\u00e4uter Ausbildung<\/span><\/td>\r\n<\/tr>\r\n<tr>\r\n<td><span class=\"text\">2001 &#8211; 2002<\/span><\/td>\r\n<td><span class=\"text\">Westliche Kr\u00e4uter bei Dr. Eva Mosheim-Heinrich<\/span><\/td>\r\n<\/tr>\r\n<tr>\r\n<td><span class=\"text\">Januar 2002<\/span><\/td>\r\n<td><span class=\"text\">Er\u00f6ffnung Praxis in Glarus<\/span><\/td>\r\n<\/tr>\r\n<tr>\r\n<td><span class=\"text\">2002<\/span><\/td>\r\n<td><span class=\"text\">China-Aufenthalt Peking Akupunktur Praktikum<\/span><\/td>\r\n<\/tr>\r\n<tr>\r\n<td><span class=\"text\">2002<\/span><\/td>\r\n<td>TCM Fachverband<span class=\"text\">-A\u2013Akupunktur Anerkennung<\/span><\/td>\r\n<\/tr>\r\n<tr>\r\n<td><span class=\"text\">2003<\/span><\/td>\r\n<td><span class=\"text\">China-Aufenthalt Peking Tuina Praktikum<\/span><\/td>\r\n<\/tr>\r\n<tr>\r\n<td><span class=\"text\">2002 \u2013 2003<\/span><\/td>\r\n<td><span class=\"text\">Differenzial Diagnostik bei Claude Diolosa<\/span><\/td>\r\n<\/tr>\r\n<tr>\r\n<td><span class=\"text\">2004<\/span><\/td>\r\n<td><span class=\"text\">TCM Fachverband-A-Tuina Anerkennung<\/span><\/td>\r\n<\/tr>\r\n<tr>\r\n<td><span class=\"text\">2005 &#8211; 2006<\/span><\/td>\r\n<td><span class=\"text\">Dozentent\u00e4tigkeit an der BIO-MEDICA Z\u00fcrich<\/span><\/td>\r\n<\/tr>\r\n<tr>\r\n<td>2002 &#8211; 2005<\/td>\r\n<td>Vorstandmitglied des TCM Fachverbandes<\/td>\r\n<\/tr>\r\n<tr>\r\n<td><span class=\"text\">2007<\/span><\/td>\r\n<td><span class=\"text\">Gr\u00fcndungsmitglied des Vereins f\u00fcr Traditionelle Chinesische Medizin Glarus<\/span><\/td>\r\n<\/tr>\r\n<\/tbody>\r\n<\/table>\r\n<p>Diverse j\u00e4hrliche Weiterbildungen u.a. in:<\/p>\r\n<ul>\r\n<li>Gyn\u00e4kologie bei Jeremy Ross, Silvia Beusch, Ralf Luthardt, Dr. Eva Mosheim-Heinrich, Dr. Birgit Seybold-Kellner<\/li>\r\n<li>Chinesische Heilpilze- Mykotherapie bei Thomas Falzone, Corinna Schaar, Dr. Heinz Knopf<\/li>\r\n<li>Master Tung`s Akupunktur bei Dr. Wei-Chieh Young, Dr. med. Sandi Suwanda<\/li>\r\n<li>Westliche Kr\u00e4uter bei Dr. nat. Eva Mosheim-Heinrich, Jeremy Ross, Claude Diolosa, Ralf Luthardt, Birte Hinz<\/li>\r\n<li>Phyto im Klimakterium bei Rita Traversier, Dr. nat. Eva Mosheim-Heinrich<\/li>\r\n<li>Psychosomatik, Psychologische Beschwerden nach TCM bei: Dr. med. Adriane R\u00f6be, Marie-Therese Laminet, Dr. med. Rainer Bohlayer, Ralf Luthardt, Dr. nat. Eva Mosheim-Heinrich<\/li>\r\n<li>TCM P\u00e4diatrie bei Ruthild Schulze, Ralf Luthardt<\/li>\r\n<li>Ern\u00e4hrung bei Christine Damm, Silvana Boog<\/li>\r\n<li>Schmerztherapie, Bewegungsapparatst\u00f6rungen bei Ralf Luthardt, Jim Skoien, Dr. Wei-Chieh Young<\/li>\r\n<li>Yamamoto Sch\u00e4delakupunktur bei Dr. med. Thomas Schockert<\/li>\r\n<\/ul>\r\n\r\n<div class=\"wp-block-spacer\" style=\"height: 50px;\" aria-hidden=\"true\">\u00a0<\/div>\r\n\r\n\r\n\r\n<p class=\"has-very-light-gray-color has-text-color has-background has-large-font-size\" style=\"background-color: #837d7d;\">Martina Egli-Rhyner<\/p>\r\n\r\n<p class=\"text-bold-big\"><strong><img loading=\"lazy\" decoding=\"async\" class=\"alignnone wp-image-65 size-full\" src=\"http:\/\/akupunktur.gl\/wp-content\/uploads\/2020\/05\/martinarhyner.jpg\" alt=\"\" width=\"146\" height=\"194\" \/> <\/strong><\/p>\r\n<p class=\"text-bold-big\"><strong><span class=\"text\">Naturheilpraktikerin mit eidgen\u00f6ssischem Diplom in TCM<\/span><\/strong><\/p>\r\n<table border=\"0\" width=\"350\">\r\n<tbody>\r\n<tr>\r\n<td width=\"70\"><span class=\"text\">2007-2011<\/span><\/td>\r\n<td width=\"191\"><span class=\"text\">Bachelor of Science ZFH in Physiotherapie an der ZHAW Winterthur<\/span><\/td>\r\n<\/tr>\r\n<tr>\r\n<td><span class=\"text\">2012-2015<\/span><\/td>\r\n<td><span class=\"text\">Studium traditionelle chinesiche Medizin &#8211; Schwerpunkt Akupunktur an der Biomedica GmbH<\/span><\/td>\r\n<\/tr>\r\n<tr>\r\n<td><span class=\"text\">2015<\/span><\/td>\r\n<td><span class=\"text\">Vietnam-Aufenthalt Hanoi Akupunktur<\/span><\/td>\r\n<\/tr>\r\n<tr>\r\n<td><span class=\"text\">2015<\/span><\/td>\r\n<td>A-Mitglied TCM Fachverband Schweiz<\/td>\r\n<\/tr>\r\n<tr>\r\n<td><span class=\"text\">2021<\/span><\/td>\r\n<td>Tuina bei Reto Turnell<\/td>\r\n<\/tr>\r\n<\/tbody>\r\n<\/table>\r\n<p class=\"text-bold-big\"><span class=\"text\">Diverse j\u00e4hrliche Weiterbildungen u.a. in:<br \/><\/span><\/p>\r\n<ul>\r\n<li>Chinesische Heilpilze- Mykotherapie bei Thomas Falzone<\/li>\r\n<li>Elektroakupunktur in der Schmerztherapie Biomedia Z\u00fcrich<\/li>\r\n<li>Verschiedene Faszien- und Viszerale Kurse<\/li>\r\n<li>Master Tung`s Akupunktur I &amp; II bei Hans-Georg Ross<\/li>\r\n<li>Master Tung`s Akupunktur f\u00fcr Frauenheilkunden bei Dr. med. univ. Sandi Suwanda<\/li>\r\n<li>Westliche Kr\u00e4uter bei Claude Diolosa<\/li>\r\n<li>Psychosomatik 1-3 Biomedica Z\u00fcrich<\/li>\r\n<li>Shonishin &#8211; japanische Kinderakupunktur bei Thomas Wernicke<\/li>\r\n<\/ul>\r\n\r\n<div class=\"wp-block-spacer\" style=\"height: 50px;\" aria-hidden=\"true\">\u00a0<\/div>\r\n\r\n\r\n\r\n<p class=\"has-very-light-gray-color has-text-color has-background has-large-font-size\" style=\"background-color: #837d7d;\"><strong>Magdalena Dornbierer<\/strong><\/p>\r\n\r\n<p class=\"text-bold-big\"><strong><img loading=\"lazy\" decoding=\"async\" class=\"alignnone size-full wp-image-358\" src=\"http:\/\/akupunktur.gl\/wp-content\/uploads\/2022\/01\/magdalenadornbierer.jpg\" alt=\"\" width=\"146\" height=\"219\" \/> \u00a0\u00a0 <\/strong><\/p>\r\n<p class=\"text-bold-big\"><strong><span class=\"text\">Naturheilpraktikerin mit eidgen\u00f6ssischem Diplom in TCM<\/span><\/strong><\/p>\r\n<table border=\"0\" width=\"350\">\r\n<tbody>\r\n<tr>\r\n<td width=\"70\">2004-2008<\/td>\r\n<td width=\"191\"><span class=\"text\">Universit\u00e4t Basel, Bachelor of Science in Psychologie<\/span><\/td>\r\n<\/tr>\r\n<tr>\r\n<td><span class=\"text\">2011-2016<\/span><\/td>\r\n<td><span class=\"text\">Biomedica Glattbrugg, Ausbildung zur dipl. Tui Na \/ An Mo- Therapeutin<\/span><\/td>\r\n<\/tr>\r\n<tr>\r\n<td><span class=\"text\">2012<\/span><\/td>\r\n<td><span class=\"text\">Biomedica Glattbrugg. Ausbildung zur dipl. Lymphdrainage-Therapeutin<\/span><\/td>\r\n<\/tr>\r\n<tr>\r\n<td><span class=\"text\">2016-2017<\/span><\/td>\r\n<td>Biomedica Glattbrugg, Ausbildung zur dipl. Akupunkteurin<\/td>\r\n<\/tr>\r\n<tr>\r\n<td><span class=\"text\">2018<\/span><\/td>\r\n<td>A-Mitglied TCM Fachverband Schweiz<\/td>\r\n<\/tr>\r\n<\/tbody>\r\n<\/table>\r\n<p class=\"text-bold-big\"><span class=\"text\">Diverse j\u00e4hrliche Weiterbildungen u.a. in:<br \/><\/span><\/p>\r\n<ul>\r\n<li>Muskuloskelettale Schmerzsyndrome: Ellbogen, Handgelenk und HWS Biomedica bei Jan Zwarthoed<\/li>\r\n<li>Gyn\u00e4kologie\/Burnout Biomedica bei J\u00fcrgen Schroll<\/li>\r\n<li>TCM rund um die Frau creating space bei Ina Diolosa<\/li>\r\n<li>Westliche Kr\u00e4uter in der TCM Praxis Chiway bei Dr. Birgit Seybold-Kellner<\/li>\r\n<li>Laserakupunktur f\u00fcr Kinder Chiway bei Michael Weber<\/li>\r\n<\/ul>","protected":false},"excerpt":{"rendered":"<p>Nicole Jenny-Marzella \u00a0\u00a0 Naturheilpraktikerin mit eidgen\u00f6ssischem Diplom in TCM 1998 &#8211; 2002 Biomedica Z\u00fcrich, Tuina Ausbildung 2000 \u2013 2001 Tao Chi Z\u00fcrich Akupunktur und Chinesische Kr\u00e4uter Ausbildung 2001 &#8211; 2002 Westliche Kr\u00e4uter bei Dr. Eva Mosheim-Heinrich Januar 2002 Er\u00f6ffnung Praxis in Glarus 2002 China-Aufenthalt Peking Akupunktur Praktikum 2002 TCM Fachverband-A\u2013Akupunktur Anerkennung 2003 China-Aufenthalt Peking Tuina [&hellip;]<\/p>\n","protected":false},"author":3,"featured_media":381,"parent":0,"menu_order":0,"comment_status":"closed","ping_status":"closed","template":"","meta":{"footnotes":""},"_links":{"self":[{"href":"https:\/\/akupunktur.gl\/index.php\/wp-json\/wp\/v2\/pages\/9"}],"collection":[{"href":"https:\/\/akupunktur.gl\/index.php\/wp-json\/wp\/v2\/pages"}],"about":[{"href":"https:\/\/akupunktur.gl\/index.php\/wp-json\/wp\/v2\/types\/page"}],"author":[{"embeddable":true,"href":"https:\/\/akupunktur.gl\/index.php\/wp-json\/wp\/v2\/users\/3"}],"replies":[{"embeddable":true,"href":"https:\/\/akupunktur.gl\/index.php\/wp-json\/wp\/v2\/comments?post=9"}],"version-history":[{"count":53,"href":"https:\/\/akupunktur.gl\/index.php\/wp-json\/wp\/v2\/pages\/9\/revisions"}],"predecessor-version":[{"id":436,"href":"https:\/\/akupunktur.gl\/index.php\/wp-json\/wp\/v2\/pages\/9\/revisions\/436"}],"wp:featuredmedia":[{"embeddable":true,"href":"https:\/\/akupunktur.gl\/index.php\/wp-json\/wp\/v2\/media\/381"}],"wp:attachment":[{"href":"https:\/\/akupunktur.gl\/index.php\/wp-json\/wp\/v2\/media?parent=9"}],"curies":[{"name":"wp","href":"https:\/\/api.w.org\/{rel}","templated":true}]}}